{"id":1178,"date":"2025-02-07T20:23:06","date_gmt":"2025-02-07T20:23:06","guid":{"rendered":"https:\/\/horthy.hu\/?page_id=1178"},"modified":"2025-02-08T13:05:22","modified_gmt":"2025-02-08T13:05:22","slug":"felhivasok","status":"publish","type":"page","link":"https:\/\/horthy.hu\/index.php\/felhivasok\/","title":{"rendered":"Felh\u00edv\u00e1sok"},"content":{"rendered":"<p><strong>K\u00f6zlem\u00e9ny<\/strong><\/p>\n<p>M\u00e9lys\u00e9ges felh\u00e1borod\u00e1ssal vett\u00fck h\u00edr\u00fcl, hogy meggyal\u00e1zt\u00e1k a nemr\u00e9giben Kerekiben fel\u00e1ll\u00edtott, Horthy Mikl\u00f3snak, a tenger\u00e9sztisztnek, a katon\u00e1nak eml\u00e9ket \u00e1ll\u00edtani hivatott szobrot. Ugyanilyen felh\u00e1borod\u00e1ssal \u00e9rtes\u00fclt\u00fcnk, Tormay C\u00e9cile eml\u00e9kt\u00e1bl\u00e1j\u00e1nak a meggyal\u00e1z\u00e1s\u00e1r\u00f3l is. Borzaszt\u00f3an elkeser\u00edt benn\u00fcnket az is, hogy a Hazat\u00e9r\u00e9s Templom\u00e1t v\u00f6r\u00f6s fest\u00e9kkel \u00e9s emberi \u00fcr\u00fcl\u00e9kkel \u00e9vekkel ezel\u0151tt meggyal\u00e1z\u00f3 \u00e9s tetten \u00e9rt elk\u00f6vet\u0151 ellen meghozott, semmif\u00e9le elmarasztal\u00f3 \u00edt\u00e9letr\u0151l mind a mai napig nem kaptunk \u00e9rtes\u00edt\u00e9st. Mint a Horthy Mikl\u00f3s T\u00e1rsas\u00e1g eln\u00f6ke, a T\u00e1rsas\u00e1g tags\u00e1ga nev\u00e9ben k\u00e9rem az illet\u00e9kes szerveket, hogy az ilyen \u00e9s ehhez hasonl\u00f3 \u00e9s nem csup\u00e1n benn\u00fcnket, hanem \u00e1tt\u00e9teles m\u00f3don az eg\u00e9sz nemzetet meggyal\u00e1z\u00f3 elk\u00f6vet\u0151k ellen a t\u00f6rv\u00e9ny teljes szigor\u00e1val j\u00e1rjanak el.<\/p>\n<p><strong><br \/>\nKosaras P\u00e9ter \u00c1kos<\/strong><\/p>\n<p><strong>eln\u00f6k<\/strong><\/p>\n<p><strong>D\u00edszpolg\u00e1ri c\u00edm<\/strong><\/p>\n<p>Kenderes v\u00e1rosa 2009 augusztus 14-\u00e9n d\u00edszpolg\u00e1ri c\u00edmet adom\u00e1nyozott \u00f6zv. Horthy Istv\u00e1nn\u00e9 f\u0151m\u00e9lt\u00f3s\u00e1g\u00fa asszonynak. A c\u00edm birtokos\u00e1nak szeretettel gratul\u00e1lunk.<\/p>\n<p><strong>A Horthy korszak relikvi\u00e1inak gy\u0171jt\u0151je<\/strong><\/p>\n<p>Tajti Csab\u00e1t mutatom be olvas\u00f3inknak \u00e9s aj\u00e1nlom sz\u00edves figyelm\u00e9be azoknak akik a Horthy-korr\u00f3l szeretn\u00e9nek t\u00f6bbet tudni.<\/p>\n<p>El\u00f6lj\u00e1r\u00f3ban megjegyzem, hogy sz\u00edvesen \u00e1ll rendelkez\u00e9sre b\u00e1rhol az orsz\u00e1gban, hogy gy\u0171jtem\u00e9ny\u00e9nek darabjaib\u00f3l ki\u00e1ll\u00edt\u00e1st rendezzen, vagy korabeli hanglemezeivel (\u00e9s lej\u00e1tsz\u00f3ival) bemutat\u00f3t tartson.<\/p>\n<p>Az egri Dob\u00f3 Istv\u00e1n Gimn\u00e1ziumban \u00e9retts\u00e9gizett ahol kedves tan\u00e1ra, N\u00e9z\u0151 S\u00e1ndor seg\u00edts\u00e9g\u00e9vel szerette meg a magyar nyelvet, irodalmat \u00e9s t\u00f6rt\u00e9nelmet. Gy\u0171jt\u0151szenved\u00e9lye kor\u00e1n kialakult. Pap\u00edrr\u00e9gis\u00e9gek, p\u00e9nzek, p\u00e9nz\u00e9rm\u00e9k \u00e9pp\u00fagy \u00e9rdekl\u0151d\u00e9si k\u00f6r\u00e9be tartoznak mint az okm\u00e1nyok, dokumentumok, t\u00e9rk\u00e9pek, katonai iratok, \u00e9s sok m\u00e1s t\u00e1rgyi eszk\u00f6ze a r\u00e9gi koroknak. De \u00e9rdekl\u0151d\u00e9s\u00e9nek k\u00f6z\u00e9ppontj\u00e1ban k\u00fcl\u00f6n\u00f6sen is a k\u00e9t h\u00e1bor\u00fa k\u00f6z\u00f6tti id\u0151szak, a rev\u00edzi\u00f3 \u00e9vei vannak. Kedves, kedvenc darabokat tartalmaz a zenei gy\u0171jtem\u00e9nye: katonai indul\u00f3k, rev\u00edzi\u00f3s dalok, levente, nemzeti \u00e9s hazafias lemezek.<\/p>\n<p>\u201eC\u00e9lom, &#8211; \u00edrja hozz\u00e1m int\u00e9zett level\u00e9ben, &#8211; hogy minden \u00e9vben m\u00e9lt\u00f3 m\u00f3don eml\u00e9kezz\u00fcnk meg Trianon, a Horthy korszak \u00e9s a rev\u00edzi\u00f3 \u00e9veir\u0151l, hogy min\u00e9l t\u00f6bben kapjanak objekt\u00edv t\u00e1j\u00e9koztat\u00e1st. Szeretn\u00e9m nemzeti kult\u00far\u00e1nkat \u00e1polni \u00e9s a nemzettudatot er\u0151s\u00edteni.\u201d<\/p>\n<p>Legyen Isten \u00e1ld\u00e1sa t\u00f6rekv\u00e9sein.<\/p>\n<p>K\u00e9rem az olvas\u00f3kat, hogy megh\u00edv\u00e1sokkal \u00e9s minden m\u00e1s m\u00f3don is seg\u00edts\u00fck \u0151t ebben a nemes sz\u00e1nd\u00e9kban, munk\u00e1ban.<\/p>\n<p>Telefon: 06\/20\/567-76\u201361<\/p>\n<ol start=\"2009\">\n<li>m\u00e1rcius<\/li>\n<\/ol>\n<p><strong>v.Kocsis S\u00e1ndor<\/strong><\/p>\n<p><strong>aleln\u00f6k<\/strong><\/p>\n<p>U.i.: Tajti Csaba tagja a Horthy Mikl\u00f3s T\u00e1rsas\u00e1gnak, \u00e9s feles\u00e9g\u00e9vel egy\u00fctt, ad\u00f3juk 1 %-\u00e1val t\u00e1mogat is minket.<\/p>\n<p><strong>M\u0171v\u00e9szek a V\u00e1rban<\/strong><\/p>\n<p>Felber Ir\u00e9n tagt\u00e1rsunk \u00e9s m\u0171v\u00e9szt\u00e1rsainak ki\u00e1ll\u00edt\u00e1sa. (2009. m\u00e1rcius 20. 18 \u00f3ra.)<\/p>\n<p>Megnyitja: v. Bogd\u00e1n P\u00e9ter &#8211; Kenderes polg\u00e1rmestere<\/p>\n<p><strong>Cselekv\u00e9si program a Trianoni sebek gy\u00f3gy\u00edt\u00e1s\u00e1ra<\/strong><\/p>\n<p>&#8222;\u00dajra kell gondolni a magyar nemzet Trianonnal kapcsolatos szeml\u00e9let\u00e9t&#8221; &#8211; jelentette ki T\u0151k\u00e9s L\u00e1szl\u00f3 Budapesten. A p\u00fcsp\u00f6k a trianoni trauma kezel\u00e9s\u00e9nek egyik \u00fatj\u00e1t a t\u00f6rt\u00e9nelemoktat\u00e1s fel\u00fclvizsg\u00e1lat\u00e1ban \u00e9s reformj\u00e1ban jel\u00f6lte meg. Kit\u00e9rt arra is, hogy a szomsz\u00e9dos orsz\u00e1gokkal k\u00f6t\u00f6tt alapszerz\u0151d\u00e9seket \u00fajra kell t\u00e1rgyalni, \u00e9s az egykori magyar ter\u00fcletek\u00e9rt cser\u00e9be jogokat kell k\u00f6vetelni a magyar kisaebbs\u00e9gek sz\u00e1m\u00e1re az ut\u00f3d\u00e1llamokt\u00f3l.<\/p>\n<p>(Forr\u00e1s: Harangsz\u00f3 (Nagyv\u00e1rad) 2009. janu\u00e1r)<\/p>\n<p><strong>Klubnap<\/strong><\/p>\n<p>A Horthy Mikl\u00f3s T\u00e1rsas\u00e1g \u00e9s a T\u00f6rt\u00e9nelmi Vit\u00e9zi Rend Pesti T\u00f6rzssz\u00e9ke (v.Turba L\u00e1szl\u00f3 t\u00f6rzskapit\u00e1ny \u00e9s v.Kocsis S\u00e1ndor aleln\u00f6k) meg\u00e1llapodtak abban, hogy a j\u00f6v\u0151ben k\u00f6z\u00f6s rendezv\u00e9nyeken, klubnapokon tal\u00e1lkozik a k\u00e9t testv\u00e9rszervezet tags\u00e1ga. Erre a lehet\u0151s\u00e9gre itt h\u00edvjuk fel a figyelmet \u00e9s k\u00e9rj\u00fck tagt\u00e1rsainkat, hogy \u00e9ljenek az alkalmakkal, j\u00f6jjenek el min\u00e9l t\u00f6bben, hogy kellemes hangulatban, kiv\u00e1l\u00f3 emberek k\u00f6z\u00f6tti besz\u00e9lget\u00e9sek keret\u00e9ben \u00e1poljuk a Korm\u00e1nyz\u00f3 \u00far eml\u00e9k\u00e9t.<\/p>\n<p>Az \u00f6sszej\u00f6vetelek ideje: minden h\u00f3nap 2. keddje du. 17 \u00f3r\u00e1t\u00f3l (most m\u00e1rcius 10-\u00e9n)<\/p>\n<p>Helye: \u00dajpesti Polg\u00e1ri Centrum IV.ker. \u00c1rp\u00e1d \u00fat 66 (h\u00e1rom percre a metr\u00f3\u00e1llom\u00e1s\u00e1t\u00f3l)<\/p>\n<p>A megjelen\u00e9snek nem felt\u00e9tele, de az\u00e9rt k\u00e9rj\u00fck azokat a r\u00e9sztvev\u0151ket akiknek ez terhet nem jelent, hogy egy-egy \u00fcveg itallal, \u00fcd\u00edt\u0151vel vagy n\u00e9mi s\u00fctem\u00e9nnyel tegy\u00e9k bar\u00e1ts\u00e1gosabb\u00e1 a k\u00f6z\u00f6s \u00f6sszej\u00f6veteleket.<\/p>\n<p>Minden tagt\u00e1rsat, bar\u00e1tot, szimpatiz\u00e1nst, \u00e9rdekl\u0151d\u0151t v\u00e1runk szeretettel.<\/p>\n<p>Horthy Mikl\u00f3s T\u00e1rsas\u00e1g &#8211; T\u00f6rt\u00e9nelmi Vit\u00e9zi Rend<\/p>\n<p><strong>Eml\u00e9kez\u00e9s aleln\u00f6kasszonyunkra,<\/strong><\/p>\n<p><strong>Dr. vit\u00e9z Sz\u00e1lka Irm\u00e1ra<\/strong>, \u00e9s <strong>K\u0151r\u00f6ssy Katalinra<\/strong>, a T\u00e1rsas\u00e1g titk\u00e1rasszony\u00e1ra.<\/p>\n<p><strong>Isten Nyugosztalja \u0150ket!<\/strong><\/p>\n<p><img loading=\"lazy\" decoding=\"async\" class=\"alignnone wp-image-1203 size-full\" src=\"https:\/\/horthy.hu\/wp-content\/uploads\/2025\/02\/J1.jpg\" alt=\"\" width=\"299\" height=\"400\" srcset=\"https:\/\/horthy.hu\/wp-content\/uploads\/2025\/02\/J1.jpg 299w, https:\/\/horthy.hu\/wp-content\/uploads\/2025\/02\/J1-224x300.jpg 224w\" sizes=\"auto, (max-width: 299px) 100vw, 299px\" \/><\/p>\n<p><img loading=\"lazy\" decoding=\"async\" class=\"alignnone wp-image-1205 size-full\" src=\"https:\/\/horthy.hu\/wp-content\/uploads\/2025\/02\/J3.jpg\" alt=\"\" width=\"300\" height=\"400\" srcset=\"https:\/\/horthy.hu\/wp-content\/uploads\/2025\/02\/J3.jpg 300w, https:\/\/horthy.hu\/wp-content\/uploads\/2025\/02\/J3-225x300.jpg 225w\" sizes=\"auto, (max-width: 300px) 100vw, 300px\" \/><\/p>\n<p><img loading=\"lazy\" decoding=\"async\" class=\"alignnone wp-image-1206 size-full\" src=\"https:\/\/horthy.hu\/wp-content\/uploads\/2025\/02\/J4.jpg\" alt=\"\" width=\"300\" height=\"400\" srcset=\"https:\/\/horthy.hu\/wp-content\/uploads\/2025\/02\/J4.jpg 300w, https:\/\/horthy.hu\/wp-content\/uploads\/2025\/02\/J4-225x300.jpg 225w\" sizes=\"auto, (max-width: 300px) 100vw, 300px\" \/><\/p>\n<p><img loading=\"lazy\" decoding=\"async\" class=\"alignnone wp-image-1207 size-full\" src=\"https:\/\/horthy.hu\/wp-content\/uploads\/2025\/02\/J5.jpg\" alt=\"\" width=\"400\" height=\"300\" srcset=\"https:\/\/horthy.hu\/wp-content\/uploads\/2025\/02\/J5.jpg 400w, https:\/\/horthy.hu\/wp-content\/uploads\/2025\/02\/J5-300x225.jpg 300w\" sizes=\"auto, (max-width: 400px) 100vw, 400px\" \/><\/p>\n<p><img loading=\"lazy\" decoding=\"async\" class=\"alignnone wp-image-1208 size-full\" src=\"https:\/\/horthy.hu\/wp-content\/uploads\/2025\/02\/J6.jpg\" alt=\"\" width=\"400\" height=\"300\" srcset=\"https:\/\/horthy.hu\/wp-content\/uploads\/2025\/02\/J6.jpg 400w, https:\/\/horthy.hu\/wp-content\/uploads\/2025\/02\/J6-300x225.jpg 300w\" sizes=\"auto, (max-width: 400px) 100vw, 400px\" \/><\/p>\n<p><img loading=\"lazy\" decoding=\"async\" class=\"alignnone wp-image-1209 size-full\" src=\"https:\/\/horthy.hu\/wp-content\/uploads\/2025\/02\/J7.jpg\" alt=\"\" width=\"400\" height=\"300\" srcset=\"https:\/\/horthy.hu\/wp-content\/uploads\/2025\/02\/J7.jpg 400w, https:\/\/horthy.hu\/wp-content\/uploads\/2025\/02\/J7-300x225.jpg 300w\" sizes=\"auto, (max-width: 400px) 100vw, 400px\" \/><\/p>\n<p><img loading=\"lazy\" decoding=\"async\" class=\"alignnone wp-image-1210 size-full\" src=\"https:\/\/horthy.hu\/wp-content\/uploads\/2025\/02\/J8.jpg\" alt=\"\" width=\"400\" height=\"300\" srcset=\"https:\/\/horthy.hu\/wp-content\/uploads\/2025\/02\/J8.jpg 400w, https:\/\/horthy.hu\/wp-content\/uploads\/2025\/02\/J8-300x225.jpg 300w\" sizes=\"auto, (max-width: 400px) 100vw, 400px\" \/><\/p>\n<p>&nbsp;<\/p>\n<p><img loading=\"lazy\" decoding=\"async\" class=\"alignnone wp-image-1204 size-full\" src=\"https:\/\/horthy.hu\/wp-content\/uploads\/2025\/02\/J2.jpg\" alt=\"\" width=\"240\" height=\"400\" srcset=\"https:\/\/horthy.hu\/wp-content\/uploads\/2025\/02\/J2.jpg 240w, https:\/\/horthy.hu\/wp-content\/uploads\/2025\/02\/J2-180x300.jpg 180w\" sizes=\"auto, (max-width: 240px) 100vw, 240px\" \/><\/p>\n<p><img loading=\"lazy\" decoding=\"async\" class=\"alignnone wp-image-1204 size-full\" src=\"https:\/\/horthy.hu\/wp-content\/uploads\/2025\/02\/J2.jpg\" alt=\"\" width=\"240\" height=\"400\" srcset=\"https:\/\/horthy.hu\/wp-content\/uploads\/2025\/02\/J2.jpg 240w, https:\/\/horthy.hu\/wp-content\/uploads\/2025\/02\/J2-180x300.jpg 180w\" sizes=\"auto, (max-width: 240px) 100vw, 240px\" \/><\/p>\n<p><img loading=\"lazy\" decoding=\"async\" class=\"alignnone wp-image-1204 size-full\" src=\"https:\/\/horthy.hu\/wp-content\/uploads\/2025\/02\/J2.jpg\" alt=\"\" width=\"240\" height=\"400\" srcset=\"https:\/\/horthy.hu\/wp-content\/uploads\/2025\/02\/J2.jpg 240w, https:\/\/horthy.hu\/wp-content\/uploads\/2025\/02\/J2-180x300.jpg 180w\" sizes=\"auto, (max-width: 240px) 100vw, 240px\" \/><\/p>\n<p><strong>D\u00edszpolg\u00e1ri c\u00edm<\/strong><\/p>\n<p>Kenderes V\u00e1ros K\u00e9pvisel\u0151test\u00fclete 2008. j\u00falius 22-\u00e9n \u00fcl\u00e9st tartott melyen egyhang\u00fa d\u00f6nt\u00e9ssel a v\u00e1ros sz\u00fcl\u00f6tt\u00e9nek, vit\u00e9z nagyb\u00e1nyai Horthy Mikl\u00f3s korm\u00e1nyz\u00f3 \u00farnak D\u00edszpolg\u00e1r-i c\u00edmet adom\u00e1nyozott. Az err\u0151l sz\u00f3l\u00f3 dokumentumot a Korm\u00e1nyz\u00f3 \u00far menye \u00f6zv. Horthy Istv\u00e1nn\u00e9 Edelsheim-Gyulai Ilona gr\u00f3fn\u0151, f\u0151m\u00e9lt\u00f3s\u00e1g\u00fa asszony, a Korm\u00e1nyz\u00f3-helyettes \u00f6zvegye vette \u00e1t 2008. szeptember 7-\u00e9n Kenderesen vit\u00e9z Bogd\u00e1n P\u00e9ter polg\u00e1rmester \u00fart\u00f3l.<\/p>\n<p>(Az \u00d6nkorm\u00e1nyzati Test\u00fclet hat\u00e1rozat\u00e1nak sz\u00e1ma: 133\/2008 VII. 22)<\/p>\n<p><strong>Sz\u00e9chenyi D\u00edj<\/strong><\/p>\n<p>A Sz\u00e9chenyi T\u00e1rsas\u00e1g Grosics Gyul\u00e1t az Aranycsapat legend\u00e1sh\u00edr\u0171 kapus\u00e1t 2008. szeptember 19-\u00e9n, a Magyar Tudom\u00e1nyos Akad\u00e9mia d\u00edszterm\u00e9ben megtartott \u00fcnneps\u00e9gen Sz\u00e9chenyi D\u00edj-jal t\u00fcntette ki. A kit\u00fcntetettet P\u00e1link\u00e1s J\u00f3zsef a MTA \u00faj eln\u00f6ke k\u00f6sz\u00f6nt\u00f6tte. Laud\u00e1ci\u00f3t dr.K\u0151r\u00f6si M\u00e1ria docens asszony a Sz\u00e9chenyi T\u00e1rsas\u00e1g titk\u00e1ra mondott. A Horthy Mikl\u00f3s T\u00e1rsas\u00e1g a kit\u00fcntetettben F\u0151v\u00e9dn\u00f6k\u00e9t tiszteli, akinek ez\u00faton is gratul\u00e1lunk \u00e9s j\u00f3 eg\u00e9szs\u00e9get k\u00edv\u00e1nunk.<\/p>\n<p><strong>R\u00e9szlet a kit\u00fcntetett v\u00e1laszbesz\u00e9d\u00e9b\u0151l:<\/strong><\/p>\n<p>\u201eHossz\u00fa \u00e9letet \u00e9ltem meg sok kit\u0171n\u0151 pillanattal. \u2026 \u00c9n a legszerencs\u00e9sebb emberek k\u00f6z\u00e9\u2026tartozom mert egy olyan csapat tagja lehettem n\u00e9h\u00e1ny esztend\u0151n kereszt\u00fcl amely csapat els\u0151sorban, \u00e9s mindenek el\u0151tt, egy nemzetet k\u00e9pviselt a vil\u00e1gban. \u00a0Egy nemzetet, amelynek tizen\u00f6tmilli\u00f3 tagja \u00e9lte \u00e1t vel\u00fcnk egy\u00fctt azt a n\u00e9h\u00e1ny kilencven percet amely felrep\u00edtette ezt haz\u00e1t a vil\u00e1g \u00a0tetej\u00e9re.<\/p>\n<p>Akkor j\u00f3 volt magyarnak lenni, hallgatni a himnuszt, n\u00e9zni a piros-feh\u00e9r-z\u00f6ld z\u00e1szl\u00f3t \u00e9s arra gondolni, hogy most mit gondol, mit \u00e9rez az a tizen\u00f6tmilli\u00f3 magyar akik itt vannak vel\u00fcnk, akik ugyanaz\u00e9rt szurkolnak ami\u00e9rt mi.<\/p>\n<p>Tett\u00fck a dolgunkat a p\u00e1ly\u00e1n a csapattal egy haz\u00e1\u00e9rt, a nemzet\u00e9rt, amely a XX. sz\u00e1zad \u2026 legkegyetlenebb id\u0151szak\u00e1ban j\u00e1rta a vil\u00e1got \u00e9s adott szerepl\u00e9se folyt\u00e1n egy nemzetnek identit\u00e1studatot.\u00a0Ez\u00e9rt volt nagyon sz\u00e9p az a n\u00e9h\u00e1ny esztend\u0151.\u201d<\/p>\n<p>&nbsp;<\/p>\n","protected":false},"excerpt":{"rendered":"<p>K\u00f6zlem\u00e9ny M\u00e9lys\u00e9ges felh\u00e1borod\u00e1ssal vett\u00fck h\u00edr\u00fcl, hogy meggyal\u00e1zt\u00e1k a nemr\u00e9giben Kerekiben fel\u00e1ll\u00edtott, Horthy Mikl\u00f3snak, a tenger\u00e9sztisztnek, a katon\u00e1nak eml\u00e9ket \u00e1ll\u00edtani hivatott szobrot. Ugyanilyen felh\u00e1borod\u00e1ssal \u00e9rtes\u00fclt\u00fcnk, Tormay C\u00e9cile eml\u00e9kt\u00e1bl\u00e1j\u00e1nak a meggyal\u00e1z\u00e1s\u00e1r\u00f3l is. Borzaszt\u00f3an elkeser\u00edt benn\u00fcnket az is, hogy a Hazat\u00e9r\u00e9s Templom\u00e1t v\u00f6r\u00f6s fest\u00e9kkel \u00e9s emberi \u00fcr\u00fcl\u00e9kkel \u00e9vekkel ezel\u0151tt meggyal\u00e1z\u00f3 \u00e9s tetten \u00e9rt elk\u00f6vet\u0151 ellen meghozott, semmif\u00e9le elmarasztal\u00f3 [&hellip;]<\/p>\n","protected":false},"author":2,"featured_media":0,"parent":0,"menu_order":0,"comment_status":"closed","ping_status":"closed","template":"","meta":{"footnotes":""},"class_list":["post-1178","page","type-page","status-publish","hentry"],"_links":{"self":[{"href":"https:\/\/horthy.hu\/index.php\/wp-json\/wp\/v2\/pages\/1178","targetHints":{"allow":["GET"]}}],"collection":[{"href":"https:\/\/horthy.hu\/index.php\/wp-json\/wp\/v2\/pages"}],"about":[{"href":"https:\/\/horthy.hu\/index.php\/wp-json\/wp\/v2\/types\/page"}],"author":[{"embeddable":true,"href":"https:\/\/horthy.hu\/index.php\/wp-json\/wp\/v2\/users\/2"}],"replies":[{"embeddable":true,"href":"https:\/\/horthy.hu\/index.php\/wp-json\/wp\/v2\/comments?post=1178"}],"version-history":[{"count":4,"href":"https:\/\/horthy.hu\/index.php\/wp-json\/wp\/v2\/pages\/1178\/revisions"}],"predecessor-version":[{"id":1211,"href":"https:\/\/horthy.hu\/index.php\/wp-json\/wp\/v2\/pages\/1178\/revisions\/1211"}],"wp:attachment":[{"href":"https:\/\/horthy.hu\/index.php\/wp-json\/wp\/v2\/media?parent=1178"}],"curies":[{"name":"wp","href":"https:\/\/api.w.org\/{rel}","templated":true}]}}