{"id":1182,"date":"2025-02-07T20:24:03","date_gmt":"2025-02-07T20:24:03","guid":{"rendered":"https:\/\/horthy.hu\/?page_id=1182"},"modified":"2025-02-08T13:48:07","modified_gmt":"2025-02-08T13:48:07","slug":"konyv-es-film","status":"publish","type":"page","link":"https:\/\/horthy.hu\/index.php\/konyv-es-film\/","title":{"rendered":"K\u00f6nyv- \u00e9s film"},"content":{"rendered":"<p><strong>A K\u00e9t Holl\u00f3s K\u00f6nyvesbolt kiad\u00e1s\u00e1ban a napokban jelent meg Zet\u00e9nyi Csuk\u00e1s Ferenc leg\u00fajabb k\u00f6nyve, A\u00a0MAGYAR HOLOKAUSZT c\u00edmmel.<\/strong><\/p>\n<p>Szeretettel aj\u00e1nlom minden \u00e9rdekl\u0151d\u0151 figyelm\u00e9be:<\/p>\n<p>&#8222;A \u201eholokauszt\u201d kifejez\u00e9s a g\u00f6r\u00f6g holokaut\u00f3ma sz\u00f3b\u00f3l sz\u00e1rmazik, vall\u00e1si fogalmak szerint; \u201eteljesen el\u00e9gett \u00e1ldozatot\u201d jelent. Pusztul\u00e1st, n\u00e9pirt\u00e1st \u00e9s megsemmis\u00edt\u00e9st. Ebben az \u00e9rtelemben az ath\u00e9ni Xenophon t\u00f6rt\u00e9net\u00edr\u00f3 haszn\u00e1lta el\u0151sz\u00f6r \u201eholokausztonk\u00e9nt\u201d az ie. V. sz\u00e1zadban. A leg\u00fajabb korban 1942-ben bukkan fel ism\u00e9t a kifejez\u00e9s, 1942 december\u00e9ben a News Chronicle c\u00edm\u0171 napilapban haszn\u00e1lj\u00e1k \u00fajra a III. Birodalom \u00e9s a zsid\u00f3s\u00e1g rel\u00e1ci\u00f3ja kapcs\u00e1n. A sz\u00e9les k\u00f6ztudatba 1972-ben, Frederic Forsyth: Az ODESSA &#8211; \u00fcgyirat c. reg\u00e9nye hozza vissza a holokauszt fogalm\u00e1t, amelyet k\u00e9s\u0151bb a mindenkori n\u00e9pirt\u00e1sokra \u00e9s azoknak k\u00eds\u00e9rlet\u00e9re alkalmaznak.<\/p>\n<p><img loading=\"lazy\" decoding=\"async\" class=\"alignnone wp-image-1214\" src=\"https:\/\/horthy.hu\/wp-content\/uploads\/2025\/02\/kf1-300x159.jpg\" alt=\"\" width=\"1133\" height=\"600\" srcset=\"https:\/\/horthy.hu\/wp-content\/uploads\/2025\/02\/kf1-300x159.jpg 300w, https:\/\/horthy.hu\/wp-content\/uploads\/2025\/02\/kf1-1024x542.jpg 1024w, https:\/\/horthy.hu\/wp-content\/uploads\/2025\/02\/kf1-768x407.jpg 768w, https:\/\/horthy.hu\/wp-content\/uploads\/2025\/02\/kf1.jpg 1267w\" sizes=\"auto, (max-width: 1133px) 100vw, 1133px\" \/><\/p>\n<p>&nbsp;<\/p>\n<p>Nem h\u00e9tk\u00f6znapi dolog egy k\u00f6nyvet c\u00edm\u00e9nek magyar\u00e1zat\u00e1val kezdeni, de \u201ehic et nunc\u201d sz\u00fcks\u00e9g\u00e9t \u00e9reztem az interpret\u00e1l\u00e1snak. A Magyar Holokauszt c\u00edmv\u00e1laszt\u00e1s, arra a t\u00f6rt\u00e9nelmi igazs\u00e1gtalans\u00e1gra k\u00edv\u00e1nja felh\u00edvni a figyelmet, amely 95 esztend\u0151vel ezel\u0151tt Magyarorsz\u00e1ggal esett meg. Trianon. Kimondani is neh\u00e9z magyark\u00e9nt ezt a sz\u00f3t, de k\u00e9ts\u00e9gtelen t\u00e9ny: Trianon a magyar holokauszt. B\u00e9keszerz\u0151d\u00e9s (b\u00e9kedikt\u00e1tum), amelyet 1920. j\u00fanius 4-\u00e9n k\u00e9nyszer\u00edtettek r\u00e1nk az I. vil\u00e1gh\u00e1bor\u00fa gy\u0151ztesei a franciaorsz\u00e1gi Versailles-hoz tartoz\u00f3 Nagy &#8211; Trianon &#8211; kast\u00e9lyban&#8230;<\/p>\n<p>Ns. udvardi \u00e9s b\u00e1sthy Udvardy Mikl\u00f3s (1882-1952) Horthy Szabolcs titk\u00e1ra, miniszteri tan\u00e1csos, a Sz\u00e9kely Nemzeti Tan\u00e1cs, az Anti-Bolsevista Comit\u00e9, a Nemzeti Hadsereg, a Ter\u00fclet V\u00e9d\u0151 Liga, a Nemzeti Sz\u00f6vets\u00e9g, a Magyar Rev\u00edzi\u00f3s Liga vezet\u0151s\u00e9gi vagy rendes tagja, Bethlen Istv\u00e1n minisztereln\u00f6k bizalmas\u00e1nak hite \u00e9s akarata azonban m\u00e1st k\u00edv\u00e1nt\u201d:<\/p>\n<p>\u201eAmit eltemett\u00fcnk, csak az hal meg igaz\u00e1n. A rem\u00e9ny \u00e9l, \u00e9s \u00e9lnie kell, m\u00edg egyetlen magyar is l\u00e9legzik a K\u00e1rp\u00e1t-medenc\u00e9ben. Nagy-Magyarorsz\u00e1g volt, Magyarorsz\u00e1g van, \u00e9s Nagy-Magyarorsz\u00e1g lesz! Ez\u00e9rt dolgozz, ez\u00e9rt tegy\u00e9l; Mind\u00f6r\u00f6kk\u00e9.\u201d<\/p>\n<p>*A k\u00f6nyv &#8211; n\u00e9mi c\u00e9lzattal &#8211; 1920 Ft-\u00e9rt v\u00e1s\u00e1rolhat\u00f3 meg a K\u00e9t Holl\u00f3s K\u00f6nyvesboltban, vagy postai \u00faton rendelhet\u0151 (K\u00e9t Holl\u00f3s K\u00f6nyvesbolt, 1081. Budapest, Keny\u00e9rmez\u0151 u. 3\/B.)<\/p>\n<p><strong>A k\u00f6nyv bemutat\u00f3ja j\u00fanius 3-\u00e1n 18 \u00f3rakor lesz a K\u00e9t Holl\u00f3s K\u00f6nyvesboltban.<\/strong><\/p>\n<p><strong>Telefon:<\/strong>\u00a0 06\/1-299-0032<\/p>\n<p><strong>e-mail:<\/strong>\u00a0<a href=\"mailto:kethollos@kethollos.hu\">kethollos@kethollos.hu<\/a><\/p>\n<p><strong>Mit olvassunk, mit n\u00e9zz\u00fcnk, ha a Magyar Kir\u00e1lys\u00e1g korm\u00e1nyz\u00f3j\u00e1r\u00f3l, vit\u00e9z nagyb\u00e1nyai Horthy Mikl\u00f3sr\u00f3l \u00e9s kor\u00e1r\u00f3l t\u00f6bbet szeretn\u00e9nk megtudni?<\/strong><\/p>\n<p><img loading=\"lazy\" decoding=\"async\" class=\"alignnone wp-image-1215\" src=\"https:\/\/horthy.hu\/wp-content\/uploads\/2025\/02\/kf2-210x300.jpg\" alt=\"\" width=\"419\" height=\"600\" srcset=\"https:\/\/horthy.hu\/wp-content\/uploads\/2025\/02\/kf2-210x300.jpg 210w, https:\/\/horthy.hu\/wp-content\/uploads\/2025\/02\/kf2.jpg 450w\" sizes=\"auto, (max-width: 419px) 100vw, 419px\" \/><\/p>\n<p><img loading=\"lazy\" decoding=\"async\" class=\"alignnone wp-image-1216\" src=\"https:\/\/horthy.hu\/wp-content\/uploads\/2025\/02\/kf3-210x300.jpg\" alt=\"\" width=\"419\" height=\"600\" srcset=\"https:\/\/horthy.hu\/wp-content\/uploads\/2025\/02\/kf3-210x300.jpg 210w, https:\/\/horthy.hu\/wp-content\/uploads\/2025\/02\/kf3.jpg 587w\" sizes=\"auto, (max-width: 419px) 100vw, 419px\" \/><\/p>\n<p><a href=\"http:\/\/haditudosito.com\"><strong>A Haditud\u00f3s\u00edt\u00f3 weboldala itt \u00e9rhet\u0151 el<\/strong><\/a><\/p>\n<p><strong>Gr\u00f3f Edelsheim Gyulai Ilona:<\/strong><\/p>\n<p>Becs\u00fclet \u00e9s k\u00f6teless\u00e9g 1 &#8211; 2. k\u00f6tet<\/p>\n<p>Eur\u00f3pa Kiad\u00f3 &#8211; 2007.<\/p>\n<p><img loading=\"lazy\" decoding=\"async\" class=\"alignnone wp-image-1217\" src=\"https:\/\/horthy.hu\/wp-content\/uploads\/2025\/02\/kf4-200x300.jpg\" alt=\"\" width=\"401\" height=\"600\" srcset=\"https:\/\/horthy.hu\/wp-content\/uploads\/2025\/02\/kf4-200x300.jpg 200w, https:\/\/horthy.hu\/wp-content\/uploads\/2025\/02\/kf4.jpg 400w\" sizes=\"auto, (max-width: 401px) 100vw, 401px\" \/><\/p>\n<p><img loading=\"lazy\" decoding=\"async\" class=\"alignnone wp-image-1218\" src=\"https:\/\/horthy.hu\/wp-content\/uploads\/2025\/02\/kf5-200x300.jpg\" alt=\"\" width=\"401\" height=\"600\" srcset=\"https:\/\/horthy.hu\/wp-content\/uploads\/2025\/02\/kf5-200x300.jpg 200w, https:\/\/horthy.hu\/wp-content\/uploads\/2025\/02\/kf5.jpg 400w\" sizes=\"auto, (max-width: 401px) 100vw, 401px\" \/><\/p>\n<p><strong>Dr. Bern\u00e1th Zolt\u00e1n:<\/strong><\/p>\n<p>Horthy Mikl\u00f3s (Egy lovaguralkod\u00f3 \u00e9s n\u00e9pe)<\/p>\n<p>Pallas Antikv\u00e1rium &#8211; 2007.<\/p>\n<p><img loading=\"lazy\" decoding=\"async\" class=\"alignnone wp-image-1219\" src=\"https:\/\/horthy.hu\/wp-content\/uploads\/2025\/02\/kf6-196x300.jpg\" alt=\"\" width=\"391\" height=\"600\" srcset=\"https:\/\/horthy.hu\/wp-content\/uploads\/2025\/02\/kf6-196x300.jpg 196w, https:\/\/horthy.hu\/wp-content\/uploads\/2025\/02\/kf6.jpg 326w\" sizes=\"auto, (max-width: 391px) 100vw, 391px\" \/><\/p>\n<p><strong>Milotay Istv\u00e1n:<\/strong><\/p>\n<p>Egy \u00e9let Magyarorsz\u00e1g\u00e9rt (Ami Horthy eml\u00e9kirataib\u00f3l kimaradt)<\/p>\n<p>Gede Kiad\u00f3 &#8211; 2001.<\/p>\n<p><img loading=\"lazy\" decoding=\"async\" class=\"alignnone wp-image-1220\" src=\"https:\/\/horthy.hu\/wp-content\/uploads\/2025\/02\/kf7-212x300.jpg\" alt=\"\" width=\"424\" height=\"600\" srcset=\"https:\/\/horthy.hu\/wp-content\/uploads\/2025\/02\/kf7-212x300.jpg 212w, https:\/\/horthy.hu\/wp-content\/uploads\/2025\/02\/kf7.jpg 353w\" sizes=\"auto, (max-width: 424px) 100vw, 424px\" \/><\/p>\n<p><strong>B. Kalavszky Gy\u00f6rgyi &#8211; Ill\u00e9sfalvi P\u00e9ter:<\/strong><\/p>\n<p>Horthy Mikl\u00f3s \u00e9lete k\u00e9pekben<\/p>\n<p>Puedlo Kiad\u00f3<\/p>\n<p><img loading=\"lazy\" decoding=\"async\" class=\"alignnone wp-image-1222\" src=\"https:\/\/horthy.hu\/wp-content\/uploads\/2025\/02\/kf8-197x300.jpg\" alt=\"\" width=\"394\" height=\"600\" srcset=\"https:\/\/horthy.hu\/wp-content\/uploads\/2025\/02\/kf8-197x300.jpg 197w, https:\/\/horthy.hu\/wp-content\/uploads\/2025\/02\/kf8.jpg 276w\" sizes=\"auto, (max-width: 394px) 100vw, 394px\" \/><\/p>\n<p><strong>Walzel Kelemen:<\/strong><\/p>\n<p>Korm\u00e1nyz\u00f3nk<\/p>\n<p><img loading=\"lazy\" decoding=\"async\" class=\"alignnone wp-image-1221\" src=\"https:\/\/horthy.hu\/wp-content\/uploads\/2025\/02\/kf9.jpg\" alt=\"\" width=\"360\" height=\"600\" \/><\/p>\n<p><strong>Bencsik G\u00e1bor:<\/strong><\/p>\n<p>Horthy Mikl\u00f3s<\/p>\n<p>Magyar Mercurius Kiad\u00f3 &#8211; 2001.<\/p>\n<p><img loading=\"lazy\" decoding=\"async\" class=\"alignnone wp-image-1224\" src=\"https:\/\/horthy.hu\/wp-content\/uploads\/2025\/02\/kff1-300x300.png\" alt=\"\" width=\"600\" height=\"600\" srcset=\"https:\/\/horthy.hu\/wp-content\/uploads\/2025\/02\/kff1-300x300.png 300w, https:\/\/horthy.hu\/wp-content\/uploads\/2025\/02\/kff1-150x150.png 150w, https:\/\/horthy.hu\/wp-content\/uploads\/2025\/02\/kff1.png 512w\" sizes=\"auto, (max-width: 600px) 100vw, 600px\" \/><\/p>\n<ol>\n<li><strong> A. Macartney:<\/strong><\/li>\n<\/ol>\n<p>Okt\u00f3ber tizen\u00f6t\u00f6dike (A modern Magyarorsz\u00e1g t\u00f6rt\u00e9nete 1929-1945.)<\/p>\n<p>Gede Kiad\u00f3 &#8211; 2006.<\/p>\n<p><img loading=\"lazy\" decoding=\"async\" class=\"alignnone wp-image-1225 size-full\" src=\"https:\/\/horthy.hu\/wp-content\/uploads\/2025\/02\/kff2.jpg\" alt=\"\" width=\"363\" height=\"500\" srcset=\"https:\/\/horthy.hu\/wp-content\/uploads\/2025\/02\/kff2.jpg 363w, https:\/\/horthy.hu\/wp-content\/uploads\/2025\/02\/kff2-218x300.jpg 218w\" sizes=\"auto, (max-width: 363px) 100vw, 363px\" \/><\/p>\n<p><img loading=\"lazy\" decoding=\"async\" class=\"alignnone wp-image-1226\" src=\"https:\/\/horthy.hu\/wp-content\/uploads\/2025\/02\/kff3-200x300.jpg\" alt=\"\" width=\"400\" height=\"600\" srcset=\"https:\/\/horthy.hu\/wp-content\/uploads\/2025\/02\/kff3-200x300.jpg 200w, https:\/\/horthy.hu\/wp-content\/uploads\/2025\/02\/kff3.jpg 458w\" sizes=\"auto, (max-width: 400px) 100vw, 400px\" \/><\/p>\n<p><strong>Szidiropulosz Archim\u00e9desz:<\/strong><\/p>\n<p>Trianon ut\u00f3\u00e9lete<\/p>\n<p>Kairosz Kiad\u00f3 &#8211; 2003.<\/p>\n<p><img loading=\"lazy\" decoding=\"async\" class=\"alignnone wp-image-1227 size-full\" src=\"https:\/\/horthy.hu\/wp-content\/uploads\/2025\/02\/kff4.jpg\" alt=\"\" width=\"329\" height=\"500\" srcset=\"https:\/\/horthy.hu\/wp-content\/uploads\/2025\/02\/kff4.jpg 329w, https:\/\/horthy.hu\/wp-content\/uploads\/2025\/02\/kff4-197x300.jpg 197w\" sizes=\"auto, (max-width: 329px) 100vw, 329px\" \/><\/p>\n<p><strong>Tormay Cecile:<\/strong><\/p>\n<p>Bujdos\u00f3 k\u00f6nyv<\/p>\n<p><img loading=\"lazy\" decoding=\"async\" class=\"alignnone wp-image-1228 size-full\" src=\"https:\/\/horthy.hu\/wp-content\/uploads\/2025\/02\/kff5.jpg\" alt=\"\" width=\"458\" height=\"687\" srcset=\"https:\/\/horthy.hu\/wp-content\/uploads\/2025\/02\/kff5.jpg 458w, https:\/\/horthy.hu\/wp-content\/uploads\/2025\/02\/kff5-200x300.jpg 200w\" sizes=\"auto, (max-width: 458px) 100vw, 458px\" \/><\/p>\n<p><strong>R\u00f3zs\u00e1s J\u00e1nos:<\/strong><\/p>\n<p>Leventesors<\/p>\n<p>H\u00e1rmas Halom Bar\u00e1ti K\u00f6r &#8211; 2005.<\/p>\n<p><img loading=\"lazy\" decoding=\"async\" class=\"alignnone wp-image-1229\" src=\"https:\/\/horthy.hu\/wp-content\/uploads\/2025\/02\/kff6.jpg\" alt=\"\" width=\"375\" height=\"500\" srcset=\"https:\/\/horthy.hu\/wp-content\/uploads\/2025\/02\/kff6.jpg 340w, https:\/\/horthy.hu\/wp-content\/uploads\/2025\/02\/kff6-225x300.jpg 225w\" sizes=\"auto, (max-width: 375px) 100vw, 375px\" \/><\/p>\n<p><strong>Koltay G\u00e1bor:<\/strong><\/p>\n<p>Horthy a korm\u00e1nyz\u00f3<\/p>\n<p>DVD<\/p>\n<p>Korona Film<\/p>\n<p><img loading=\"lazy\" decoding=\"async\" class=\"alignnone wp-image-1233\" src=\"https:\/\/horthy.hu\/wp-content\/uploads\/2025\/02\/kff12-214x300.jpg\" alt=\"\" width=\"357\" height=\"500\" srcset=\"https:\/\/horthy.hu\/wp-content\/uploads\/2025\/02\/kff12-214x300.jpg 214w, https:\/\/horthy.hu\/wp-content\/uploads\/2025\/02\/kff12.jpg 321w\" sizes=\"auto, (max-width: 357px) 100vw, 357px\" \/><\/p>\n<p><strong>Koltay G\u00e1bor:<\/strong><\/p>\n<p>Trianon<\/p>\n<p>DVD<\/p>\n<p>Korona Film<\/p>\n<p><img loading=\"lazy\" decoding=\"async\" class=\"alignnone wp-image-1230\" src=\"https:\/\/horthy.hu\/wp-content\/uploads\/2025\/02\/kff8-200x300.jpg\" alt=\"\" width=\"333\" height=\"500\" srcset=\"https:\/\/horthy.hu\/wp-content\/uploads\/2025\/02\/kff8-200x300.jpg 200w, https:\/\/horthy.hu\/wp-content\/uploads\/2025\/02\/kff8.jpg 458w\" sizes=\"auto, (max-width: 333px) 100vw, 333px\" \/><\/p>\n<p><strong>\u00c9szak fel\u00e9 D\u00e9l fel\u00e9 Kelet fel\u00e9<\/strong><\/p>\n<p>(Elrabolt orsz\u00e1gr\u00e9szeink \u00e9s v\u00e9reink visszacsatol\u00e1s\u00e1nak hatalmas filmdokumentumai)<\/p>\n<p>DVD &#8211; (fekete-feh\u00e9r)<\/p>\n<p>Turul Video<\/p>\n<p><img loading=\"lazy\" decoding=\"async\" class=\"alignnone wp-image-1232\" src=\"https:\/\/horthy.hu\/wp-content\/uploads\/2025\/02\/kff11-300x202.jpg\" alt=\"\" width=\"744\" height=\"500\" srcset=\"https:\/\/horthy.hu\/wp-content\/uploads\/2025\/02\/kff11-300x202.jpg 300w, https:\/\/horthy.hu\/wp-content\/uploads\/2025\/02\/kff11.jpg 384w\" sizes=\"auto, (max-width: 744px) 100vw, 744px\" \/><\/p>\n<p><strong>\u00a0A Trianoni Kutat\u00f3int\u00e9zet foly\u00f3irata<\/strong><\/p>\n<p><img loading=\"lazy\" decoding=\"async\" class=\"alignnone wp-image-1231\" src=\"https:\/\/horthy.hu\/wp-content\/uploads\/2025\/02\/kff10-300x210.jpg\" alt=\"\" width=\"715\" height=\"500\" srcset=\"https:\/\/horthy.hu\/wp-content\/uploads\/2025\/02\/kff10-300x210.jpg 300w, https:\/\/horthy.hu\/wp-content\/uploads\/2025\/02\/kff10-768x537.jpg 768w, https:\/\/horthy.hu\/wp-content\/uploads\/2025\/02\/kff10.jpg 1000w\" sizes=\"auto, (max-width: 715px) 100vw, 715px\" \/><\/p>\n","protected":false},"excerpt":{"rendered":"<p>A K\u00e9t Holl\u00f3s K\u00f6nyvesbolt kiad\u00e1s\u00e1ban a napokban jelent meg Zet\u00e9nyi Csuk\u00e1s Ferenc leg\u00fajabb k\u00f6nyve, A\u00a0MAGYAR HOLOKAUSZT c\u00edmmel. Szeretettel aj\u00e1nlom minden \u00e9rdekl\u0151d\u0151 figyelm\u00e9be: &#8222;A \u201eholokauszt\u201d kifejez\u00e9s a g\u00f6r\u00f6g holokaut\u00f3ma sz\u00f3b\u00f3l sz\u00e1rmazik, vall\u00e1si fogalmak szerint; \u201eteljesen el\u00e9gett \u00e1ldozatot\u201d jelent. Pusztul\u00e1st, n\u00e9pirt\u00e1st \u00e9s megsemmis\u00edt\u00e9st. Ebben az \u00e9rtelemben az ath\u00e9ni Xenophon t\u00f6rt\u00e9net\u00edr\u00f3 haszn\u00e1lta el\u0151sz\u00f6r \u201eholokausztonk\u00e9nt\u201d az ie. V. sz\u00e1zadban. [&hellip;]<\/p>\n","protected":false},"author":2,"featured_media":0,"parent":0,"menu_order":0,"comment_status":"closed","ping_status":"closed","template":"","meta":{"footnotes":""},"class_list":["post-1182","page","type-page","status-publish","hentry"],"_links":{"self":[{"href":"https:\/\/horthy.hu\/index.php\/wp-json\/wp\/v2\/pages\/1182","targetHints":{"allow":["GET"]}}],"collection":[{"href":"https:\/\/horthy.hu\/index.php\/wp-json\/wp\/v2\/pages"}],"about":[{"href":"https:\/\/horthy.hu\/index.php\/wp-json\/wp\/v2\/types\/page"}],"author":[{"embeddable":true,"href":"https:\/\/horthy.hu\/index.php\/wp-json\/wp\/v2\/users\/2"}],"replies":[{"embeddable":true,"href":"https:\/\/horthy.hu\/index.php\/wp-json\/wp\/v2\/comments?post=1182"}],"version-history":[{"count":4,"href":"https:\/\/horthy.hu\/index.php\/wp-json\/wp\/v2\/pages\/1182\/revisions"}],"predecessor-version":[{"id":1234,"href":"https:\/\/horthy.hu\/index.php\/wp-json\/wp\/v2\/pages\/1182\/revisions\/1234"}],"wp:attachment":[{"href":"https:\/\/horthy.hu\/index.php\/wp-json\/wp\/v2\/media?parent=1182"}],"curies":[{"name":"wp","href":"https:\/\/api.w.org\/{rel}","templated":true}]}}