{"id":1235,"date":"2025-02-08T13:49:54","date_gmt":"2025-02-08T13:49:54","guid":{"rendered":"https:\/\/horthy.hu\/?page_id=1235"},"modified":"2025-02-08T13:49:54","modified_gmt":"2025-02-08T13:49:54","slug":"a-tarsasag-adatai","status":"publish","type":"page","link":"https:\/\/horthy.hu\/index.php\/a-tarsasag-adatai\/","title":{"rendered":"A t\u00e1rsas\u00e1g adatai"},"content":{"rendered":"<p><strong>Az els\u0151 Horthy-t\u00e1rsas\u00e1g<\/strong><\/p>\n<p>Alm\u00e1si Szab\u00f3 J\u00e1nos mint az igazs\u00e1g \u00e9s a Korm\u00e1nyz\u00f3 \u00far lelkes h\u00edve el\u0151sz\u00f6r mag\u00e1nlevelekben vette fel a harcot az \u00fajratemet\u00e9s \u00e1ltal \u00fajra felkorb\u00e1csolt indulatokkal, s a m\u00e9di\u00e1b\u00f3l a Korm\u00e1nyz\u00f3 szem\u00e9ly\u00e9re \u00e9s kor\u00e1ra sz\u00f3rt hamis v\u00e1dakkal, majd l\u00e1tva ezek eredm\u00e9nytelens\u00e9g\u00e9t egy szervezet l\u00e9trehoz\u00e1s\u00e1n kezdett f\u00e1radozni. Egy szervezeten, mely jogi szem\u00e9lyk\u00e9nt sok emberrel a h\u00e1ta m\u00f6g\u00f6tt rem\u00e9lhet\u0151leg eredm\u00e9nyesen l\u00e9p fel a r\u00e1galmakkal szemben. Ehhez azonban lelkes magyarorsz\u00e1gi vezet\u0151re volt sz\u00fcks\u00e9g.<\/p>\n<p>Kap\u00f3ra j\u00f6tt, hogy Alm\u00e1si Szab\u00f3 J\u00e1nos egy magyarorsz\u00e1gi \u00f6sszej\u00f6vetelen megismerkedett egy gy\u0151ri polg\u00e1rral, Vil\u00e1ghy J\u00f3zseffel, aki elv\u00e1llalta egy t\u00e1rsas\u00e1g l\u00e9trehoz\u00e1s\u00e1t. \u00cdgy ker\u00fclt sor 1994 szeptember\u00e9ben a Horthy Mikl\u00f3s T\u00f6rt\u00e9nelmi T\u00e1rsas\u00e1g gy\u0151ri bejegyz\u00e9s\u00e9re Vil\u00e1ghy J\u00f3zsef bar\u00e1tja, egykori &#8217;56 ut\u00e1ni rabt\u00e1rsa, Paray L\u00e1szl\u00f3 eln\u00f6klet\u00e9vel.<\/p>\n<p>A t\u00e1rsas\u00e1g \u00e1ld\u00e1sos tev\u00e9kenys\u00e9get fejtett ki a magyar civil szf\u00e9r\u00e1ban. Megmozgatta \u00e9s egybefogta a k\u00e9t vil\u00e1gh\u00e1bor\u00fa k\u00f6z\u00f6tti id\u0151szak \u00e9s annak emblematikus figur\u00e1ja, vit\u00e9z nagyb\u00e1nyai Horthy Mikl\u00f3s val\u00f3s\u00e1gh\u0171 meg\u00edt\u00e9l\u00e9s\u00e9t szorgalmaz\u00f3 embereket s \u00edgy kisebb-nagyobb csoportok, tagozatok alakultak orsz\u00e1gszerte, melyek a gy\u0151ri szervezet fi\u00f3kint\u00e9zm\u00e9nyeinek voltak tekinthet\u0151k, b\u00e1r a kapcsolat val\u00f3j\u00e1ban igen laza volt. \u00cdgy j\u00f6tt l\u00e9tre csoport Sz\u00e1zhalombatt\u00e1n, P\u00e1p\u00e1n, Szeksz\u00e1rdon, Keszthelyen, majd v\u00e9g\u00fcl S\u00e1rospatakon. Mindez inspir\u00e1l\u00f3an hatott az orsz\u00e1gszerte \u00e9l\u0151 \u00e9s a Korm\u00e1nyz\u00f3ra h\u00e1l\u00e1val \u00e9s szeretettel gondol\u00f3 honfit\u00e1rsainkra. A vet\u00e9s sz\u00e1rba sz\u00f6kkent.<\/p>\n<p>&nbsp;<\/p>\n<p><strong>A Budapesti Tagozat<\/strong><\/p>\n<p>A vid\u00e9ki v\u00e1rosok ut\u00e1n a gy\u0151ri szervezet, pontosabban Alm\u00e1si Szab\u00f3 J\u00e1nos, Paray L\u00e1szl\u00f3, Vil\u00e1ghy J\u00f3zsef \u00e9s Szimon Mikl\u00f3s \u00fajs\u00e1gokban, \u00edgy a Magyar Nemzetben is 2001. m\u00e1rcius 3-ra bemutatkoz\u00f3 \u00f6sszej\u00f6vetelt hirdettek meg a budai Szent Imre Gimn\u00e1zium d\u00edszterm\u00e9be azzal, hogy elegend\u0151 \u00e9rdekl\u0151d\u0151 eset\u00e9n megalak\u00edtj\u00e1k a Budapesti Tagozatot. A j\u00f3l siker\u00fclt bemutatkoz\u00e1s eredm\u00e9nyek\u00e9nt 2001. m\u00e1jus 18-\u00e1n az MDF XI. ker\u00fcleti helyis\u00e9g\u00e9ben nyolcvan k\u00f6r\u00fcli l\u00e9tsz\u00e1mmal megalakult a Horthy Mikl\u00f3s T\u00f6rt\u00e9nelmi T\u00e1rsas\u00e1g Budapesti tagozata. A h\u00e1romtag\u00fa eln\u00f6ks\u00e9gbe Nagy E. Korn\u00e9li\u00e1t, vit\u00e9z Czanik G\u00e9z\u00e1t \u00e9s Dobai Mikl\u00f3st v\u00e1lasztott\u00e1k, mely eln\u00f6ks\u00e9gi tagok k\u00f6z\u00fcl Dobai Mikl\u00f3s lett az eln\u00f6k.<\/p>\n<p>Nem utols\u00f3 sorban a f\u0151v\u00e1ros adotts\u00e1gainak k\u00f6sz\u00f6nhet\u0151en a Budapesti Tagozat m\u00e1r a kezdet kezdet\u00e9n jelent\u0151s sikereket k\u00f6nyvelhetett el. Kapcsolatot teremtett a f\u0151v\u00e1rosban m\u0171k\u00f6d\u0151 egy\u00e9b szervezetekkel: Vit\u00e9zi Rend, Trianon T\u00e1rsas\u00e1g, Hermann Ott\u00f3 T\u00e1rsas\u00e1g, stb., illetve k\u00e9pviseltette mag\u00e1t m\u00e1s t\u00e1rsas\u00e1gok rendezv\u00e9nyein, r\u00e9szt vett egyh\u00e1zi rendezv\u00e9nyeken, mint p\u00e9ld\u00e1ul az \u00fajrak\u00e9sz\u00edtett erekly\u00e9s orsz\u00e1gz\u00e1szl\u00f3 felszentel\u00e9se, vagy a Szent Jobb k\u00f6rmenet. Ez ut\u00f3bbi kapcs\u00e1n budapestiek ezrei, s a TV-k\u00f6zvet\u00edt\u00e9s j\u00f3volt\u00e1b\u00f3l hat\u00e1rokon inneni \u00e9s t\u00fali magyarok t\u00edzezrei szerezhettek tudom\u00e1st a t\u00e1rsas\u00e1g l\u00e9tez\u00e9s\u00e9r\u0151l.<\/p>\n<p>&nbsp;<\/p>\n<p><strong>A Horthy Mikl\u00f3s T\u00e1rsas\u00e1g<\/strong><\/p>\n<p>A t\u00e1rsas\u00e1g vezet\u00e9s\u00e9t \u00f6ttag\u00fa eln\u00f6ks\u00e9g v\u00e9gzi, mely eln\u00f6kb\u0151l, eln\u00f6khelyettesb\u0151l, k\u00e9t aleln\u00f6kb\u0151l \u00e9s titk\u00e1rb\u00f3l \u00e1ll. Az alapszab\u00e1ly lehet\u0151v\u00e9 teszi nem a bejegyz\u00e9s hely\u00e9n \u00e9l\u0151 tagok sz\u00e1m\u00e1ra, hogy elegend\u0151 l\u00e9tsz\u00e1m \u00e9s akarat eset\u00e9n \u00f6n\u00e1ll\u00f3 csoportot, tagozatot hozzanak l\u00e9tre, melynek \u00e9l\u00e9re tagozati eln\u00f6k\u00f6t \u00e9s eln\u00f6ks\u00e9get v\u00e1lasszanak, s ezt k\u00f6vet\u0151en bizonyos \u00f6n\u00e1ll\u00f3s\u00e1got \u00e9lvezzenek. \u00cdgy m\u0171k\u00f6dik B\u00e9cs-ben a B\u00e9csi tagozat, mely a kor\u00e1bbi Horthy Mikl\u00f3s T\u00f6rt\u00e9nelmi T\u00e1rsas\u00e1g B\u00e9csi Tagozatak\u00e9nt test\u00fcletileg l\u00e9pett \u00e1t t\u00e1rsas\u00e1gunkhoz Alm\u00e1si Szab\u00f3 J\u00e1nos vezet\u00e9s\u00e9vel. De \u00edgy csatlakozott hozz\u00e1nk a Dr. D\u00e9k\u00e1n K\u00e1roly t\u00f6rt\u00e9n\u00e9sz vezette G\u00f6mb\u00f6s Gyula Bar\u00e1ti T\u00e1rsas\u00e1g is.<\/p>\n<p>A felv\u00e9tel\u00fcket k\u00e9r\u0151k, megismerkedve a t\u00e1rsas\u00e1g Alapszab\u00e1ly\u00e1val \u00e9s kit\u00f6ltve a bel\u00e9p\u00e9si nyilatkozatot, tags\u00e1gi igazolv\u00e1nyt kapnak. A t\u00e1rsas\u00e1g ma k\u00f6zel k\u00e9tsz\u00e1znyolcvan tagot sz\u00e1ml\u00e1l, saj\u00e1t foly\u00f3sz\u00e1ml\u00e1val, ad\u00f3sz\u00e1mmal \u00e9s internetes honlappal rendelkezik.<\/p>\n<p>A t\u00e1rsas\u00e1g z\u00e1szlaja, melyet Vajna Iv\u00e1n tagt\u00e1rsunk k\u00f6zvet\u00edt\u00e9s\u00e9vel adom\u00e1nyk\u00e9nt kaptunk: koron\u00e1s c\u00edmerrel d\u00edsz\u00edtett nemzetisz\u00edn z\u00e1szl\u00f3, melyen arannyal h\u00edmzett bet\u0171kkel \u00edvelt felirat form\u00e1j\u00e1ban a c\u00edmer felett a Horthy Mikl\u00f3s, a c\u00edmer alatt, a z\u00f6ld mez\u0151ben pedig a T\u00e1rsas\u00e1g sz\u00f3 olvashat\u00f3. A h\u00edmzett feliratot a t\u00e1rsas\u00e1g titk\u00e1r asszonya, K\u0151r\u00f6ssy Katalin h\u00edmezte. Ugyan\u0151 k\u00e9sz\u00edtette el \u00e9s h\u00edmezte az \u00f6zvegy Horthy Istv\u00e1nn\u00e9 \u00e1ltal adom\u00e1nyozott z\u00e1szl\u00f3anyai szalagot, de arr\u00f3l majd k\u00e9s\u0151bb.<\/p>\n<p>A t\u00e1rsas\u00e1g m\u0171k\u00f6d\u00e9s\u00e9hez sz\u00fcks\u00e9ges anyagiakat r\u00e9szben tagd\u00edjakb\u00f3l \u00e9s r\u00e9szben m\u00e1s forr\u00e1sokb\u00f3l teremtj\u00fck el\u0151. A tagd\u00edj \u00f6sszege, mely havi egysz\u00e1z forint, \u00fagy van meg\u00e1llap\u00edtva, hogy ne okozzon anyagi megterhel\u00e9st az els\u0151sorban nyugd\u00edjas koroszt\u00e1ly\u00fa tagoknak. Ez az \u00f6sszeg azonban a norm\u00e1lis m\u0171k\u00f6d\u00e9shez nem elegend\u0151, ez\u00e9rt k\u00f6sz\u00f6nettel fogadjuk tehet\u0151sebb itthoni tagt\u00e1rsaink, k\u00fclhoni tagt\u00e1rsaink \u00e9s szimpatiz\u00e1nsaink fel\u00fclfizet\u00e9seit, hazai c\u00e9gek \u00e1tutal\u00e1sait \u00e9s az \u00f6nkorm\u00e1nyzat esetenk\u00e9nti t\u00e1mogat\u00e1s\u00e1t egy-egy konkr\u00e9t terv megval\u00f3s\u00edt\u00e1s\u00e1hoz.<\/p>\n<p>Az alapszab\u00e1ly k\u00f6zhaszn\u00fa tev\u00e9kenys\u00e9g folytat\u00e1s\u00e1r\u00f3l is rendelkezik, ami lehet\u0151v\u00e9 teszi, hogy a bejegyz\u00e9st\u0151l sz\u00e1m\u00edtott t\u00f6rv\u00e9nyes id\u0151 lej\u00e1rta ut\u00e1n a tagok \u00e9s szimpatiz\u00e1nsok szem\u00e9lyi j\u00f6vedelem ad\u00f3j\u00e1nak 1%-\u00e1t megkaphassuk.<\/p>\n<p>A t\u00e1rsas\u00e1g f\u0151 tev\u00e9kenys\u00e9gi k\u00f6re kiterjed a Korm\u00e1nyz\u00f3 \u00dar \u00e9s Csal\u00e1dja eml\u00e9k\u00e9nek \u00e1pol\u00e1s\u00e1ra, hozz\u00e1juk vagy tev\u00e9kenys\u00e9g\u00fckh\u00f6z k\u00f6thet\u0151 jeles \u00e9vfordul\u00f3k \u00e9s esem\u00e9nyek meg\u00fcnnepl\u00e9s\u00e9re. Ezen t\u00falmen\u0151en, mintegy mell\u00e9ktev\u00e9kenys\u00e9gk\u00e9nt, igyeksz\u00fcnk gondot ford\u00edtani a magyar k\u00f6zelm\u00falt olyan esem\u00e9nyeinek felkutat\u00e1s\u00e1ra \u00e9s a k\u00f6zv\u00e9lem\u00e9ny el\u0151tt ismertt\u00e9 t\u00e9tel\u00e9re, melyeknek a magyars\u00e1g sors\u00e1ra m\u00e1ig hat\u00f3 kihat\u00e1sai vannak, illetve amelyekr\u0151l a kommunizmus \u00e9vtizedei alatt a magyar k\u00f6zv\u00e9lem\u00e9ny nem hallott, nem hallhatott.<\/p>\n<p>&nbsp;<\/p>\n<p><strong>Egy\u00e9b tev\u00e9kenys\u00e9gek<\/strong><\/p>\n<p>Az el\u0151bbieken t\u00falmen\u0151en, k\u00f6zhaszn\u00fa tev\u00e9kenys\u00e9get is mag\u00e1ban foglal\u00f3 bejegyz\u00e9s\u00fcnknek megfelel\u0151en tagt\u00e1rsaink, \u00e9s a minket t\u00e1mogat\u00f3 hat\u00e1rainkon innen \u00e9s t\u00fal \u00e9l\u0151 j\u00f3 emberek adom\u00e1nyait felhaszn\u00e1lva k\u00f6nyvekkel \u00e9s egy\u00e9b, a hazafias nevel\u00e9st szolg\u00e1l\u00f3 hangz\u00f3 \u00e9s \u00edrott kiadv\u00e1nyokkal t\u00e1mogatjuk a hazai, els\u0151sorban egyh\u00e1zi kezel\u00e9sben l\u00e9v\u0151 iskol\u00e1kat, valamint a trianoni hat\u00e1rokon t\u00falra szakadt ter\u00fcletek iskol\u00e1it is. \u00cdgy tagt\u00e1rsunk, Is\u00e9py Dezs\u0151 mag\u00e1nkiad\u00e1sban megjelent k\u00f6nyv\u00e9t, mely az 1944. okt\u00f3ber 15-i kiugr\u00e1si k\u00eds\u00e9rlet eddig nem publik\u00e1lt r\u00e9szleteit tartalmazza, d\u00edjmentesen k\u00fcldt\u00fcnk sz\u00e9t budapesti egyh\u00e1zi iskol\u00e1knak, valamint Bencsik G\u00e1bor nek\u00fcnk adom\u00e1nyozott Horthy Mikl\u00f3sr\u00f3l \u00edrott k\u00f6nyve p\u00e9ld\u00e1nyait juttattuk el erd\u00e9lyi, k\u00e1rp\u00e1taljai \u00e9s d\u00e9lvid\u00e9ki iskol\u00e1kba.<\/p>\n<p>\u00c9s nem csak iskol\u00e1kat, hanem a B\u00f6jte Csaba ferences szerzetes \u00e1ltal el\u0151sz\u00f6r csak D\u00e9v\u00e1n, de ma m\u00e1r Erd\u00e9ly t\u00f6bb v\u00e1ros\u00e1ban m\u0171k\u00f6d\u0151 gyermekotthonok sz\u00e1m\u00e1ra jelent\u0151s mennyis\u00e9g\u0171 ruhanem\u0171t, berendez\u00e9si t\u00e1rgyakat, j\u00e1t\u00e9kokat, k\u00f6nyveket gy\u0171jt\u00f6tt\u00fcnk \u00e9s juttattunk el a r\u00e1szorul\u00f3knak.<\/p>\n<p>M\u0171k\u00f6d\u00e9s\u00fcnk \u00e9s tev\u00e9kenys\u00e9g\u00fcnk ismerts\u00e9g\u00e9t \u00e9s sikeress\u00e9g\u00e9t azon tudjuk legink\u00e1bb lem\u00e9rni, hogy h\u00e1ny rendezv\u00e9nyre kapunk rendszeresen megh\u00edv\u00f3t, illetve, ami sz\u00e1munkra rendk\u00edv\u00fcl fontos \u00e9s becses, hogy felk\u00e9r\u00e9s\u00fcnknek eleget t\u00e9ve 2003 nyar\u00e1n \u00f6zvegy Horthy Istv\u00e1nn\u00e9 elv\u00e1llalta a t\u00e1rsas\u00e1g Tiszteletbeli Eln\u00f6ki tiszt\u00e9t, valamint a z\u00e1szl\u00f3anyai szerepet.<\/p>\n<p>&nbsp;<\/p>\n<p>Budapest, 2005. janu\u00e1r<\/p>\n<p>&nbsp;<\/p>\n<p><strong>Dobai Mikl\u00f3s<\/strong><\/p>\n<p><strong>eln\u00f6k<\/strong><\/p>\n<p>&nbsp;<\/p>\n","protected":false},"excerpt":{"rendered":"<p>Az els\u0151 Horthy-t\u00e1rsas\u00e1g Alm\u00e1si Szab\u00f3 J\u00e1nos mint az igazs\u00e1g \u00e9s a Korm\u00e1nyz\u00f3 \u00far lelkes h\u00edve el\u0151sz\u00f6r mag\u00e1nlevelekben vette fel a harcot az \u00fajratemet\u00e9s \u00e1ltal \u00fajra felkorb\u00e1csolt indulatokkal, s a m\u00e9di\u00e1b\u00f3l a Korm\u00e1nyz\u00f3 szem\u00e9ly\u00e9re \u00e9s kor\u00e1ra sz\u00f3rt hamis v\u00e1dakkal, majd l\u00e1tva ezek eredm\u00e9nytelens\u00e9g\u00e9t egy szervezet l\u00e9trehoz\u00e1s\u00e1n kezdett f\u00e1radozni. Egy szervezeten, mely jogi szem\u00e9lyk\u00e9nt sok emberrel a [&hellip;]<\/p>\n","protected":false},"author":2,"featured_media":0,"parent":0,"menu_order":0,"comment_status":"closed","ping_status":"closed","template":"","meta":{"footnotes":""},"class_list":["post-1235","page","type-page","status-publish","hentry"],"_links":{"self":[{"href":"https:\/\/horthy.hu\/index.php\/wp-json\/wp\/v2\/pages\/1235","targetHints":{"allow":["GET"]}}],"collection":[{"href":"https:\/\/horthy.hu\/index.php\/wp-json\/wp\/v2\/pages"}],"about":[{"href":"https:\/\/horthy.hu\/index.php\/wp-json\/wp\/v2\/types\/page"}],"author":[{"embeddable":true,"href":"https:\/\/horthy.hu\/index.php\/wp-json\/wp\/v2\/users\/2"}],"replies":[{"embeddable":true,"href":"https:\/\/horthy.hu\/index.php\/wp-json\/wp\/v2\/comments?post=1235"}],"version-history":[{"count":1,"href":"https:\/\/horthy.hu\/index.php\/wp-json\/wp\/v2\/pages\/1235\/revisions"}],"predecessor-version":[{"id":1236,"href":"https:\/\/horthy.hu\/index.php\/wp-json\/wp\/v2\/pages\/1235\/revisions\/1236"}],"wp:attachment":[{"href":"https:\/\/horthy.hu\/index.php\/wp-json\/wp\/v2\/media?parent=1235"}],"curies":[{"name":"wp","href":"https:\/\/api.w.org\/{rel}","templated":true}]}}